{"id":1146,"date":"2023-08-08T13:02:40","date_gmt":"2023-08-08T13:02:40","guid":{"rendered":"https:\/\/atlasliving.lt\/privacy-policy\/"},"modified":"2025-12-22T13:07:38","modified_gmt":"2025-12-22T13:07:38","slug":"privatumo-politika","status":"publish","type":"page","link":"https:\/\/atlasliving.lt\/lt\/privatumo-politika\/","title":{"rendered":"Privatumo politika"},"content":{"rendered":"[vc_row type=&#8221;in_container&#8221; full_screen_row_position=&#8221;middle&#8221; column_margin=&#8221;default&#8221; column_direction=&#8221;default&#8221; column_direction_tablet=&#8221;default&#8221; column_direction_phone=&#8221;default&#8221; scene_position=&#8221;center&#8221; text_color=&#8221;dark&#8221; text_align=&#8221;left&#8221; row_border_radius=&#8221;none&#8221; row_border_radius_applies=&#8221;bg&#8221; overflow=&#8221;visible&#8221; class=&#8221;pp-simple-page-content&#8221; overlay_strength=&#8221;0.3&#8243; gradient_direction=&#8221;left_to_right&#8221; shape_divider_position=&#8221;bottom&#8221; bg_image_animation=&#8221;none&#8221; gradient_type=&#8221;default&#8221; shape_type=&#8221;&#8221;][vc_column column_padding=&#8221;no-extra-padding&#8221; column_padding_tablet=&#8221;inherit&#8221; column_padding_phone=&#8221;inherit&#8221; column_padding_position=&#8221;all&#8221; column_element_direction_desktop=&#8221;default&#8221; column_element_spacing=&#8221;default&#8221; desktop_text_alignment=&#8221;default&#8221; tablet_text_alignment=&#8221;default&#8221; phone_text_alignment=&#8221;default&#8221; background_color_opacity=&#8221;1&#8243; background_hover_color_opacity=&#8221;1&#8243; column_backdrop_filter=&#8221;none&#8221; column_shadow=&#8221;none&#8221; column_border_radius=&#8221;none&#8221; column_link_target=&#8221;_self&#8221; column_position=&#8221;default&#8221; gradient_direction=&#8221;left_to_right&#8221; overlay_strength=&#8221;0.3&#8243; width=&#8221;1\/1&#8243; tablet_width_inherit=&#8221;default&#8221; animation_type=&#8221;default&#8221; bg_image_animation=&#8221;none&#8221; border_type=&#8221;simple&#8221; column_border_width=&#8221;none&#8221; column_border_style=&#8221;solid&#8221;][vc_custom_heading source=&#8221;post_title&#8221; font_container=&#8221;tag:h1|font_size:28px|text_align:left|line_height:40px&#8221; use_theme_fonts=&#8221;yes&#8221; css=&#8221;.vc_custom_1699955030352{margin-bottom: 40px !important;}&#8221; el_class=&#8221;content-page-heading&#8221;][vc_column_text css=&#8221;&#8221; text_direction=&#8221;default&#8221;]<strong>KAS MES ESAME IR KAIP SU MUMIS SUSISIEKTI<\/strong><\/p>\n<p>Duomen\u0173 valdytojo kontaktiniai duomenys:\u00a0 Atlas Living, UAB, juridinio asmens kodas: 306104119, Dariaus ir Gir\u0117no g. 21A, LT-02189 Vilnius, Lihuania, (toliau \u2013 Mes, M\u016bs\u0173, Bendrov\u0117) tvarko savo klient\u0173, potenciali\u0173 klient\u0173, darbuotoj\u0173, kandidat\u0173 \u012f darbuotojus, tiek\u0117j\u0173, partneri\u0173 ir kt. (toliau \u2013 J\u016bs, J\u016bs\u0173) asmens duomenis vadovaudamasi asmens duomen\u0173 teisin\u0119 apsaug\u0105 reglamentuojan\u010di\u0173 teis\u0117s akt\u0173 nuostatomis, taikydama auk\u0161\u010diausius techninius ir teisinius apsaugos standartus bei imdamasi vis\u0173 b\u016btin\u0173 priemoni\u0173, kad b\u016bt\u0173 u\u017ekirstas kelias galimiems asmens duomen\u0173 apsaugos pa\u017eeidimams. \u0160ioje privatumo politikoje (toliau \u2013 Privatumo politika) nustatomos pagrindin\u0117s J\u016bs\u0173 asmens duomen\u0173 ir kitos su Jumis susijusios informacijos rinkimo, tvarkymo ir saugojimo taisykl\u0117s, J\u016bs\u0173 asmens duomen\u0173 apimtis, tikslai, \u0161altiniai, gav\u0117jai, J\u016bs\u0173, kaip asmens duomen\u0173 subjekto, teis\u0117s ir kiti svarb\u016bs naudojimosi Bendrov\u0117s paslaugomis aspektai. \u0160i informacija yra svarbi, tod\u0117l tikim\u0117s, kad j\u0105 atid\u017eiai perskaitysite.<\/p>\n<p>\u0160ioje privatumo politikoje vartojama s\u0105voka \u201easmens duomenys\u201d (toliau \u2013 asmens duomenys) rei\u0161kia bet koki\u0105 informacij\u0105 apie jus, susijusi\u0105 su jumis kaip fiziniu asmeniu, duomen\u0173 subjektu, kurio tapatyb\u0117 yra \u017einoma arba gali b\u016bti tiesiogiai ar netiesiogiai nustatyta naudojant tam tikrus duomenis (pvz., vard\u0105, pavard\u0119, asmens kod\u0105, adres\u0105, telefono numer\u012f ir t. t.).<\/p>\n<p>Tvarkydami asmens duomenis atsakingai laikom\u0117s 2016 m. baland\u017eio 27 d. Europos Parlamento ir Tarybos reglamento Nr. 2016\/679 d\u0117l fizini\u0173 asmen\u0173 apsaugos tvarkant asmens duomenis ir d\u0117l laisvo toki\u0173 duomen\u0173 jud\u0117jimo ir kuriuo panaikinama Direktyva 95\/46\/EB (toliau \u2013 BDAR) ir kit\u0173 tiesiogiai taikom\u0173 teis\u0117s akt\u0173, reglamentuojan\u010di\u0173 asmens duomen\u0173 apsaug\u0105, taip pat kompetenting\u0173 institucij\u0173 nurodym\u0173.<\/p>\n<p>Jei pateikiate mums ne savo asmens duomenis (pavyzd\u017eiui, nurodydami kit\u0105 asmen\u012f kaip naudos gav\u0117j\u0105), informuokite j\u012f apie \u0161i\u0105 privatumo politik\u0105 ir jos turin\u012f.<\/p>\n<p>Jei paslaug\u0173 naudotojas yra juridinis asmuo, \u0161i privatumo politika taikoma fiziniams asmenims, kuri\u0173 asmens duomenis mums perduoda juridinis asmuo. Naudotojas privalo tinkamai laikytis CK 6.2 str. BDAR 14 str. informuoti duomen\u0173 subjektus (vadovus, naudos gav\u0117jus, atstovus ir kt.) apie j\u0173 asmens duomen\u0173 perdavim\u0105 Bendrovei.<\/p>\n<p>Jei turite klausim\u0173 d\u0117l \u0161ios privatumo politikos arba pra\u0161ym\u0173 d\u0117l savo asmens duomen\u0173 tvarkymo, kreipkit\u0117s el. pa\u0161tu:\u00a0info@aerocity.lt.<\/p>\n<p>Lankydamiesi Bendrov\u0117s interneto svetain\u0117se ir (arba) naudodamiesi jose esan\u010dia informacija ir (arba) m\u016bs\u0173 paslaugomis, j\u016bs patvirtinate ir sutinkate, kad perskait\u0117te ir supratote \u0161i\u0105 privatumo politik\u0105.<\/p>\n<p>&nbsp;<\/p>\n<p><strong>KAM TAIKOMA PRIVATUMO POLITIKA?<\/strong><\/p>\n<p>\u0160i privatumo politika taikoma m\u016bs\u0173 interneto svetainei https:\/\/atlasliving.lt\/ (nepriklausomai nuo to, kokiu \u012frenginiu naudojat\u0117s) ir visoms Bendrov\u0117s teikiamoms paslaugoms ar kitai Bendrov\u0117s veiklai, kai tvarkomi asmens duomenys.<\/p>\n<p>&nbsp;<\/p>\n<p><strong>KOKI\u0172 PRINCIP\u0172 LAIKOM\u0116S?<\/strong><\/p>\n<p>Tvarkydami j\u016bs\u0173 asmens duomenis, mes:<\/p>\n<ul>\n<li>laikom\u0117s galiojan\u010di\u0173 ir taikom\u0173 teis\u0117s akt\u0173, \u012fskaitant BDAR;<\/li>\n<li>j\u016bs\u0173 asmens duomenis tvarkysime teis\u0117tai, s\u0105\u017einingai ir skaidriai;<\/li>\n<li>j\u016bs\u0173 asmens duomenis rinksime konkre\u010diais, ai\u0161kiai apibr\u0117\u017etais ir teis\u0117tais tikslais ir toliau j\u0173 netvarkysime su tais tikslais nesuderinamu b\u016bdu, i\u0161skyrus \u012fstatym\u0173 leid\u017eiam\u0105 mast\u0105;<\/li>\n<li>imsim\u0117s vis\u0173 pagr\u012fst\u0173 priemoni\u0173, kad asmens duomenys, kurie yra netiksl\u016bs ar nei\u0161sam\u016bs, atsi\u017evelgiant \u012f j\u0173 tvarkymo tikslus, b\u016bt\u0173 nedelsiant i\u0161taisyti, papildyti, sustabdyti ar sunaikinti;<\/li>\n<li>mes saugosime juos tokia forma, kad j\u016bs\u0173 tapatyb\u0119 b\u016bt\u0173 galima nustatyti ne ilgiau, nei to reikia tikslams, d\u0117l kuri\u0173 asmens duomenys tvarkomi;<\/li>\n<li>neatskleisime ir neperduosime asmens duomen\u0173 tretiesiems asmenims, i\u0161skyrus Privatumo politikoje arba taikomuose teis\u0117s aktuose numatytus atvejus;<\/li>\n<\/ul>\n<p>&nbsp;<\/p>\n<p><strong>RENKAME IR NAUDOJAME \u0160I\u0104 INFORMACIJ\u0104:<\/strong><\/p>\n<ol>\n<li>ASMENS DUOMENYS<\/li>\n<\/ol>\n<p>Kai naudojat\u0117s m\u016bs\u0173 Svetaine, mes galime rinkti tam tikr\u0105 asmenin\u0119 informacij\u0105 apie jus (\u201eAsmens duomenys\u201d), t. y. kai savanori\u0161kai pateikiate toki\u0105 informacij\u0105, pavyzd\u017eiui, kai naudojat\u0117s m\u016bs\u0173 Paslaugomis, kreipiat\u0117s \u012f mus su u\u017eklausomis ir pan. Visur, kur renkame Asmens duomenis, pateikiame nuorod\u0105 \u012f \u0161i\u0105 Privatumo politik\u0105.<\/p>\n<ol start=\"2\">\n<li>NAUDOJIMO DUOMENYS<\/li>\n<\/ol>\n<p>Taip pat galime rinkti informacij\u0105, kuri\u0105 j\u016bs\u0173 nar\u0161ykl\u0117 siun\u010dia kiekvien\u0105 kart\u0105, kai lankot\u0117s m\u016bs\u0173 Svetain\u0117je arba kai prie Svetain\u0117s prisijungiate mobiliuoju \u012frenginiu arba per j\u012f (toliau \u2013 Naudojimo duomenys).<\/p>\n<p>\u0160ie Naudojimo duomenys gali apimti toki\u0105 informacij\u0105, kaip IP adresai, naudojamos nar\u0161ykl\u0117s ir \u012frenginio tipas, tinklalapis, kuriame lank\u0117t\u0117s prie\u0161 patekdami \u012f m\u016bs\u0173 svetaines, ir su j\u016bs\u0173 \u012frenginiais susij\u0119 identifikatoriai.<\/p>\n<p>Kai \u012f Svetain\u0119 patenkate mobiliuoju \u012frenginiu arba per mobil\u0173j\u012f \u012frengin\u012f, \u0161ie Naudojimo duomenys gali apimti toki\u0105 informacij\u0105, kaip j\u016bs\u0173 naudojamo mobiliojo \u012frenginio tipas, j\u016bs\u0173 mobiliojo \u012frenginio unikalus identifikatorius, j\u016bs\u0173 mobiliojo \u012frenginio IP adresas, j\u016bs\u0173 mobilioji operacin\u0117 sistema, j\u016bs\u0173 naudojamos mobiliosios interneto nar\u0161ykl\u0117s tipas, unikal\u016bs \u012frenginio identifikatoriai ir kiti diagnostiniai duomenys.<\/p>\n<p>Atkreipkite d\u0117mes\u012f, kad tokia informacija, kuri renkama pasyviai, naudojant \u012fvairias technologijas, \u0161iuo metu negali b\u016bti naudojama konkre\u010diai j\u016bs\u0173 tapatybei nustatyti. \u0160i Svetain\u0117 gali naudoti toki\u0105 informacij\u0105 ir sujungti j\u0105 su kita informacija, kad gal\u0117t\u0173 steb\u0117ti, pavyzd\u017eiui, bendr\u0105 m\u016bs\u0173 Svetain\u0117s lankytoj\u0173 skai\u010di\u0173, kiekvieno m\u016bs\u0173 Svetain\u0117s puslapio lankytoj\u0173 skai\u010di\u0173, lankytoj\u0173 interneto paslaug\u0173 teik\u0117j\u0173 domen\u0173 pavadinimus ir tai, kaip m\u016bs\u0173 naudotojai naudojasi Paslaugomis ir s\u0105veikauja su jomis.<\/p>\n<ol start=\"3\">\n<li>SLAPUK\u0172 SEKIMO DUOMENYS<\/li>\n<\/ol>\n<p>Mes naudojame slapukus ir pana\u0161ias sekimo technologijas, kad gal\u0117tume sekti veikl\u0105 savo Svetain\u0117je ir saugoti tam tikr\u0105 informacij\u0105. Nor\u0117dami su\u017einoti daugiau, apsilankykite m\u016bs\u0173\u00a0<a href=\"https:\/\/atlasliving.lt\/lt\/slapuku-politika\/\">Slapuk\u0173 politikoje<\/a>.<\/p>\n<p>&nbsp;<\/p>\n<p><strong>SURINKTI IR TVARKOMI ASMENS DUOMENYS, ASMENS DUOMEN\u0172 TVARKYMO TIKSLAI IR TEISINIS PAGRINDAS, TAIP PAT ASMENS DUOMEN\u0172 SAUGOJIMO S\u0104LYGOS<\/strong><\/p>\n<p>&nbsp;<\/p>\n<table>\n<tbody>\n<tr>\n<td width=\"114\"><strong>Duomen\u0173 tvarkymo tikslai<\/strong><\/td>\n<td width=\"234\"><strong>Surinkti ir tvarkomi duomenys<\/strong><\/td>\n<td width=\"219\"><strong>Duomen\u0173 tvarkymo teisinis pagrindas<\/strong><\/td>\n<td width=\"76\"><strong>Duomen\u0173 saugojimo terminas<\/strong><\/td>\n<\/tr>\n<tr>\n<td width=\"113\">Norint rezervuot\u012f apartament\u0105<\/td>\n<td width=\"234\">Vardas<\/p>\n<p>Pavard\u0117<\/p>\n<p>Gimimo data<\/p>\n<p>Adresas<\/p>\n<p>Lytis<\/p>\n<p>El. pa\u0161to adresas<\/p>\n<p>Telefono numeris<\/p>\n<p>\u0160alis<\/p>\n<p>Universiteto pavadinimas<\/p>\n<p>Fakultetas<\/p>\n<p>Studij\u0173 programa<\/p>\n<p>Studij\u0173 metai<\/p>\n<p><strong>\u00a0<\/strong><\/td>\n<td width=\"219\">Duomenis tvarkyti b\u016btina siekiant \u012fvykdyti sutart\u012f, kurios \u0161alis yra duomen\u0173 subjektas, arba imtis veiksm\u0173 duomen\u0173 subjekto pra\u0161ymu prie\u0161 sudarant sutart\u012f (BDAR 3 str. 6(1)(b))<\/td>\n<td width=\"80\">10 (de\u0161imt) met\u0173 nuo sutarties \u012fvykdymo<\/td>\n<\/tr>\n<tr>\n<td width=\"114\">S\u0105skait\u0173 ir kit\u0173 mok\u0117jim\u0173 tvarkymo, apskaitos taisykli\u0173 laikymosi tikslais<\/td>\n<td width=\"234\">Vardas ir pavard\u0117<\/p>\n<p>Pavard\u0117<\/p>\n<p>Kredito kortel\u0117s numeris<\/p>\n<p>Banko s\u0105skaitos numeris<\/td>\n<td width=\"221\">Duomenis tvarkyti b\u016btina, kad b\u016bt\u0173 \u012fvykdyta teisin\u0117 prievol\u0117, kuri taikoma duomen\u0173 valdytojui (BDAR 2 str. 6 straipsnio 1 dalies c punktas), t. y. siekiant \u012fvykdyti teisin\u0119 prievol\u0119 (i\u0161ra\u0161yti arba saugoti s\u0105skaitas fakt\u016bras ir kitus apskaitos dokumentus ir pan.)<\/td>\n<td width=\"80\">10 (de\u0161imt) met\u0173 nuo sutarties \u012fvykdymo<\/td>\n<\/tr>\n<tr>\n<td width=\"114\">Bendravimo per Svetain\u0119 tikslais, pavyzd\u017eiui, siekiant atsakyti \u012f duomen\u0173 subjekto pateikt\u0105 u\u017eklaus\u0105<\/td>\n<td width=\"234\">Vardas ir pavard\u0117<\/p>\n<p>El. pa\u0161to adresas<\/p>\n<p>Telefonas<\/td>\n<td width=\"219\">Tvarkyti duomenis b\u016btina siekiant imtis veiksm\u0173 duomen\u0173 subjekto pra\u0161ymu prie\u0161 sudarant sutart\u012f (BDAR 6 straipsnio 1 dalies b punktas)<\/td>\n<td width=\"86\">1 (vieneri) metai nuo paskutinio susira\u0161in\u0117jimo su duomen\u0173 subjektu<\/td>\n<\/tr>\n<tr>\n<td width=\"114\">Naujien\u0173, akcij\u0173, naujienlai\u0161ki\u0173, informacijos apie produktus ir kvietim\u0173 \u012f renginius teikimas (tiesiogin\u0117 rinkodara)<\/td>\n<td width=\"235\">Naujien\u0173, akcij\u0173, naujienlai\u0161ki\u0173, informacijos apie produktus ir kvietim\u0173 \u012f renginius teikimas (tiesiogin\u0117 rinkodara) Gav\u0119 ai\u0161k\u0173 j\u016bs\u0173 sutikim\u0105, j\u016bs\u0173 el. pa\u0161to adres\u0105 ir (arba) telefono numer\u012f naudosime tiesioginei rinkodarai. Kai tampate m\u016bs\u0173 klientu ir neprie\u0161taraujate d\u0117l tiesiogin\u0117s rinkodaros, susijusios su pana\u0161iomis paslaugomis ar produktais, tvarkysime j\u016bs\u0173 el. pa\u0161to adres\u0105.<\/td>\n<td width=\"221\">Asmens duomenys tiesiogin\u0117s rinkodaros tikslais tvarkomi pagal BDAR 6 straipsnio 1 dalies a punkt\u0105, t. y. gavus j\u016bs\u0173 sutikim\u0105, arba pagal BDAR 6 straipsnio 1 dalies f punkt\u0105, t. y. d\u0117l m\u016bs\u0173 teis\u0117to intereso si\u016blyti jums pana\u0161ias prekes ir (arba) paslaugas \u012f tas, kurias \u012fsigijote i\u0161 m\u016bs\u0173, ir gauti j\u016bs\u0173 atsiliepimus apie \u012fsigytas prekes ir (arba) paslaugas.<\/td>\n<td width=\"86\">3 metus po to, kai u\u017esisak\u0117te arba \u012fsigijote m\u016bs\u0173 prek\u0119 ar paslaug\u0105<\/td>\n<\/tr>\n<\/tbody>\n<\/table>\n<p>&nbsp;<\/p>\n<p>Asmens duomenis naudojame \u012fvairiais \u0161ioje privatumo politikoje nurodytais tikslais. Jei Asmens duomenis pateikiate d\u0117l tam tikros prie\u017easties, mes galime naudoti Asmens duomenis d\u0117l tos prie\u017easties, d\u0117l kurios jie buvo pateikti. Pavyzd\u017eiui, jei su mumis susisieksite el. pa\u0161tu, j\u016bs\u0173 pateiktus Asmens duomenis naudosime, kad atsakytume \u012f j\u016bs\u0173 klausim\u0105 arba i\u0161spr\u0119stume problem\u0105. Be to, jei Asmens duomenis pateiksite nor\u0117dami gauti prieig\u0105 prie Paslaug\u0173, j\u016bs\u0173 Asmens duomenis naudosime, kad suteiktume jums prieig\u0105 prie toki\u0173 paslaug\u0173 ir steb\u0117tume, kaip jomis naudojat\u0117s. Mes ir m\u016bs\u0173 dukterin\u0117s bei susijusios \u012fmon\u0117s (toliau \u2013 Susijusios \u012fmon\u0117s) taip pat galime naudoti j\u016bs\u0173 Asmens duomenis ir kit\u0105 asmeni\u0161kai neidentifikuojam\u0105 informacij\u0105, surinkt\u0105 per Svetain\u0119, kad pad\u0117tume mums tobulinti Svetain\u0117s turin\u012f ir funkcionalum\u0105, geriau suprasti savo naudotojus ir tobulinti Paslaugas. Mes ir Susijusios bendrov\u0117s galime naudoti \u0161i\u0105 informacij\u0105 bendraudami su jumis d\u0117l Paslaug\u0173.<\/p>\n<p>&nbsp;<\/p>\n<p><strong>AR PRIVALOTE PATEIKTI MUMS ASMENS DUOMENIS?<\/strong><\/p>\n<p>Atkreipkite d\u0117mes\u012f, kad nor\u0117dami naudotis m\u016bs\u0173 Paslaugomis, privalote mums pateikti pirmiau min\u0117tus asmens duomenis.<\/p>\n<p>&nbsp;<\/p>\n<p><strong>I\u0160 KUR GAUNAME J\u016aS\u0172 ASMENS DUOMENIS (I\u0160 KUR GAUNAMI DUOMENYS)?<\/strong><\/p>\n<p>Duomenis gauname tiesiogiai i\u0161 j\u016bs\u0173, t. y. kai savo Asmens duomenis pateikiate per m\u016bs\u0173 Svetain\u0119.<\/p>\n<p>&nbsp;<\/p>\n<p><strong>DUOMEN\u0172 PERDAVIMAS<\/strong><\/p>\n<p>J\u016bs\u0173 mums pateikta informacija, \u012fskaitant Asmens duomenis, gali b\u016bti perduodama ir saugoma kompiuteriuose, esan\u010diuose u\u017e j\u016bs\u0173 valstyb\u0117s, provincijos, \u0161alies ar kitos valstybin\u0117s jurisdikcijos rib\u0173, kur duomen\u0173 apsaugos \u012fstatymai gali skirtis nuo j\u016bs\u0173 jurisdikcijos \u012fstatym\u0173. Savanori\u0161kai pateikdami mums Asmens duomenis, j\u016bs sutinkate, kad juos naudotume pagal \u0161i\u0105 privatumo politik\u0105.<\/p>\n<p>Atkreipkite d\u0117mes\u012f, kad be j\u016bs\u0173 sutikimo nesidalijame j\u016bs\u0173 Asmens duomenimis su kitais asmenimis, i\u0161skyrus toliau nurodytus tikslus:<\/p>\n<ol>\n<li>Kitiems mums dirbantiems asmenims (paslaug\u0173 teik\u0117jams)<\/li>\n<\/ol>\n<p>Mes galime pasitelkti tam tikras patikimas tre\u010di\u0105sias \u0161alis (pavyzd\u017eiui, klient\u0173 aptarnavimo ir IT paslaug\u0173 teik\u0117jus, buhalterin\u0117s apskaitos paslaug\u0173 teik\u0117jus), kad jos pad\u0117t\u0173 mums tobulinti m\u016bs\u0173 Svetain\u0119. \u0160ios tre\u010diosios \u0161alys gali gauti prieig\u0105 prie informacijos tik tam, kad atlikt\u0173 u\u017eduotis m\u016bs\u0173 vardu, laikydamosi \u0161ios privatumo politikos, ir mes i\u0161liksime atsakingi u\u017e tai, kaip jos tvarko j\u016bs\u0173 informacij\u0105 pagal m\u016bs\u0173 nurodymus.<\/p>\n<ol start=\"2\">\n<li>Susijusios \u012fmon\u0117s<\/li>\n<\/ol>\n<p>Mes taip pat galime dalytis j\u016bs\u0173 Asmens duomenimis su savo Susijusiomis bendrov\u0117mis \u0161ios Privatumo politikos tikslais. Mes pasitelkiame tre\u010di\u0105sias \u0161alis, kurios veikia kaip Duomen\u0173 tvarkytojai ir pagalbiniai tvarkytojai, kad tvarkyt\u0173 i\u0161 j\u016bs\u0173 surinktus asmens duomenis. Tokios \u012fmon\u0117s tai daro pagal ra\u0161ytinius nurodymus, BDAR duomen\u0173 tvarkymo sutart\u012f, yra \u012fpareigotos laikytis konfidencialumo ir privalo \u012fgyvendinti tinkamas technines ir organizacines priemones duomen\u0173 saugumui u\u017etikrinti. Jos, be kita ko, gali b\u016bti susijusios su j\u016bs\u0173 u\u017esakymo vykdymu, j\u016bs\u0173 mok\u0117jimo duomen\u0173 tvarkymu ir pagalbos paslaug\u0173 teikimu. Pateikdami savo asmens duomenis, j\u016bs sutinkate su tokiu j\u0173 perdavimu, saugojimu ar tvarkymu. Mes imsim\u0117s vis\u0173 pagr\u012fstai b\u016btin\u0173 veiksm\u0173, kad j\u016bs\u0173 duomenys b\u016bt\u0173 tvarkomi saugiai ir laikantis \u0161ios privatumo politikos.<\/p>\n<ol start=\"3\">\n<li>Verslo perdavimas<\/li>\n<\/ol>\n<p>Pl\u0117todami savo versl\u0105, galime parduoti arba pirkti \u012fmones ar turt\u0105. \u012emoni\u0173 pardavimo, susijungimo, reorganizavimo, likvidavimo ar pana\u0161aus \u012fvykio atveju asmens duomenys gali b\u016bti perduodamo turto dalis.<\/p>\n<ol start=\"4\">\n<li>Teis\u0117 ir tvarka<\/li>\n<\/ol>\n<p>Galime atskleisti j\u016bs\u0173 informacij\u0105 tre\u010diosioms \u0161alims, jei nustatysime, kad toks atskleidimas yra pagr\u012fstai b\u016btinas: a) laikytis \u012fstatym\u0173; b) apsaugoti bet kur\u012f asmen\u012f nuo mirties ar rimto k\u016bno su\u017ealojimo; c) u\u017ekirsti keli\u0105 suk\u010diavimui ar piktnaud\u017eiavimui m\u016bs\u0173 ar m\u016bs\u0173 naudotoj\u0173 at\u017evilgiu; arba d) apsaugoti m\u016bs\u0173 nuosavyb\u0117s teises.<\/p>\n<p>J\u016bs\u0173 Asmens duomen\u0173 neperduodame tre\u010diajai \u0161aliai ar tarptautinei organizacijai, t. y. u\u017e Europos S\u0105jungos rib\u0173, i\u0161skyrus atvejus, kai to reikalauja \u012fstatymai, teismai arba kai to reikia vienam i\u0161 \u0161ioje Politikoje nurodyt\u0173 tiksl\u0173.<\/p>\n<p>&nbsp;<\/p>\n<p><strong>DUOMEN\u0172 SUBJEKT\u0172 TEIS\u0116S<\/strong><\/p>\n<p>Kalbant apie j\u016bs\u0173 Asmens duomen\u0173 pateikim\u0105 per m\u016bs\u0173 Svetain\u0119 ir pagal BDAR, turite \u0161ias teises:<\/p>\n<p>&#8211; teis\u0117 susipa\u017einti &#8211; turite teis\u0119 pra\u0161yti m\u016bs\u0173 pateikti savo asmens duomen\u0173 kopijas.<\/p>\n<p>&#8211; teis\u0117 \u012f i\u0161taisym\u0105 &#8211; turite teis\u0119 pra\u0161yti m\u016bs\u0173 i\u0161taisyti, j\u016bs\u0173 manymu, netiksli\u0105 asmenin\u0119 informacij\u0105. Taip pat turite teis\u0119 pra\u0161yti m\u016bs\u0173 papildyti informacij\u0105, kuri, j\u016bs\u0173 manymu, yra nei\u0161sami.<\/p>\n<p>&#8211; teis\u0117 i\u0161trinti &#8211; tam tikromis aplinkyb\u0117mis turite teis\u0119 pra\u0161yti m\u016bs\u0173 i\u0161trinti j\u016bs\u0173 asmenin\u0119 informacij\u0105.<\/p>\n<p>&#8211; teis\u0117 apriboti duomen\u0173 tvarkym\u0105 &#8211; tam tikromis aplinkyb\u0117mis turite teis\u0119 pra\u0161yti m\u016bs\u0173 apriboti j\u016bs\u0173 asmenin\u0117s informacijos tvarkym\u0105.<\/p>\n<p>&#8211; teis\u0117 nesutikti su duomen\u0173 tvarkymu &#8211; tam tikromis aplinkyb\u0117mis turite teis\u0119 nesutikti, kad tvarkytume j\u016bs\u0173 asmenin\u0119 informacij\u0105.<\/p>\n<p>&#8211; teis\u0117 \u012f duomen\u0173 perkeliamum\u0105 &#8211; tam tikromis aplinkyb\u0117mis turite teis\u0119 pra\u0161yti, kad j\u016bs\u0173 pateikt\u0105 asmenin\u0119 informacij\u0105 perduotume kitai organizacijai arba jums.<\/p>\n<p>&#8211; teis\u0117 nesutikti su duomen\u0173 tvarkymu, kai tvarkymas pagr\u012fstas teis\u0117tais interesais. J\u016bs turite teis\u0119 nesutikti su asmens duomen\u0173 tvarkymu, kai asmens duomenys yra tvarkomi remiantis m\u016bs\u0173 teis\u0117tais interesais, ta\u010diau jei tur\u0117sime svarbi\u0173 ir teis\u0117t\u0173 prie\u017eas\u010di\u0173, J\u016bs\u0173 duomenis tvarkysime be J\u016bs\u0173 sutikimo. Nor\u0117dami pasinaudoti \u0161ia teise, pra\u0161ome susisiekti el.p. ada@aerocity.lt<\/p>\n<p>&#8211; teis\u0117 at\u0161aukti savo sutikim\u0105. J\u016bs turite teis\u0119 bet kada at\u0161aukti savo sutikim\u0105 tvarkyti J\u016bs\u0173 asmens duomenis, kai J\u016bs\u0173 asmens duomenys yra tvarkomi sutikimo pagrindu. Sutikimo at\u0161aukimas neturi \u012ftakos duomen\u0173 tvarkymo teis\u0117tumui, pagr\u012fstam sutikimu iki jo at\u0161aukimo. Nor\u0117dami pasinaudoti \u0161ia teise, pra\u0161ome susisiekti el.p. <a href=\"mailto:ada@aerocity.lt\">ada@aerocity.lt<\/a><\/p>\n<p>Jei manote, kad Bendrov\u0117 tvarko j\u016bs\u0173 asmens duomenis, pa\u017eeid\u017eiant teis\u0117s akt\u0173 reikalavimus, j\u016bs turite teis\u0119 pateikti skund\u0105 Valstybinei duomen\u0173 apsaugos inspekcijai (VDAI) adresu: L. Sapiegos g. 17, 10312 Vilnius, Lietuva, el. pa\u0161tas: ada@ada.lt; tel.: (8 5) 271 28 04, 279 1445, interneto svetain\u0117: https:\/\/vdai.lrv.lt\/lt\/. Visais atvejais, rekomenduojame susisiekti su mumis, prie\u0161 pateikiant skund\u0105 VDAI, kad gal\u0117tume taikiai i\u0161spr\u0119sti susidariusi\u0105 situacij\u0105.<\/p>\n<p>&nbsp;<\/p>\n<p><strong>SOCIALINIAI TINKLAI<\/strong><\/p>\n<p>Kai lankot\u0117s socialiniuose tinkluose, j\u016bs\u0173 asmens duomenis tvarko konkretus socialinis tinklas, o mes pradedame tvarkyti j\u016bs\u0173 asmens duomenis, kai lankot\u0117s \u201eATLAS co-living\u201d socialiniuose tinkluose. Naudodamiesi \u012fvairiais socialini\u0173 tinkl\u0173 kanalais norime jus supa\u017eindinti su savo paslaug\u0173 \/ produkt\u0173 asortimentu ir keistis su jumis id\u0117jomis bei nuomon\u0117mis svarbiomis temomis.<\/p>\n<p>J\u016bs\u0173 asmens duomenys, pateikti socialiniame tinkle, tvarkomi toliau nurodytais tikslais:<\/p>\n<ul>\n<li>bendrauti su m\u016bs\u0173 socialini\u0173 tinkl\u0173 lankytojais;<\/li>\n<li>atsakyti \u012f lankytoj\u0173 u\u017eklausas;<\/li>\n<li>gauti statistin\u0119 informacij\u0105;<\/li>\n<li>vykdyti klient\u0173 apklausas, rinkodaros kampanijas, rinkos analiz\u0119, loterijas, konkursus ar pana\u0161ias akcijas ar renginius;<\/li>\n<li>jei b\u016btina, ginant teis\u0117tus Bendrov\u0117s interesus institucijose ir kitais atvejais.<\/li>\n<\/ul>\n<p>Jei ai\u0161kiai nenurodyta kitaip, teisinis duomen\u0173 tvarkymo pagrindas yra BDAR 6 straipsnio 1 dalies f punktas. M\u016bs\u0173 teis\u0117ti interesai yra gal\u0117ti atsakyti \u012f j\u016bs\u0173 \u017einutes ar klausimus ir analizuoti m\u016bs\u0173 prieinamum\u0105 socialiniuose tinkluose, pristatyti savo produktus ir paslaugas. Jei savo pra\u0161ymu pageidaujate u\u017emegzti su mumis sutartinius santykius, tokio duomen\u0173 tvarkymo teisinis pagrindas yra BDAR 6 straipsnio 1 dalies b punktas.<\/p>\n<p>Jei ketiname tvarkyti j\u016bs\u0173 asmens duomenis bet kuriuo kitu, pirmiau nepamin\u0117tu tikslu, prie\u0161 tok\u012f tvarkym\u0105 jums apie tai prane\u0161ime.<\/p>\n<p>M\u016bs\u0173 puslapius socialiniuose tinkluose valdo konkret\u016bs socialiniai tinklai, tod\u0117l, kai juose lankot\u0117s, asmens duomenys tvarkomi remiantis socialini\u0173 tinkl\u0173 privatumo politika. Kai kuriuose socialiniuose tinkluose, priklausomai nuo socialinio tinklo politikos, duomen\u0173 tvarkymo tiksl\u0173 ir apimties, esame laikomi bendrais duomen\u0173 valdytojais.<\/p>\n<p>\u0160iuo metu naudojam\u0117s \u0161iais socialiniais tinklais:<\/p>\n<p>FB:\u00a0<a href=\"https:\/\/www.facebook.com\/ATLAScoliving\/\">ATLAS living<\/a><br \/>\nLinkedin: <a href=\"https:\/\/www.linkedin.com\/company\/atlas-co-living\/\">ATLAS living<\/a><br \/>\nInstagram:\u00a0 <a href=\"https:\/\/www.instagram.com\/atlascoliving\/\">ATLAS living<\/a><\/p>\n<p>&nbsp;<\/p>\n<table>\n<tbody>\n<tr>\n<td width=\"134\"><strong>Socialinio tinklo pavadinimas ir jo privatumo politika<\/strong><\/td>\n<td width=\"223\"><strong>Asmens duomenys, kuriuos tvarkome<\/strong><\/td>\n<td width=\"277\"><strong>Asmens duomenys, kuriuos tvarkome kaip bendri duomen\u0173 valdytojai<\/strong><\/td>\n<\/tr>\n<tr>\n<td width=\"136\">Facebook<\/p>\n<p>J\u0173 privatumo politik\u0105 galite perskaityti spustel\u0117j\u0119 \u0161i\u0105 nuorod\u0105:\u00a0 <a href=\"https:\/\/www.facebook.com\/policy.php\">https:\/\/www.facebook.com\/policy.php<\/a><\/td>\n<td width=\"223\">J\u016bs\u0173 \u201eFacebook\u201d vartotojo vardas, kai komentuojate, reaguojate \u012f publikacij\u0105, dalijat\u0117s prane\u0161imais, ra\u0161ote mums \u017einutes, J\u016bs\u0173 veikla m\u016bs\u0173 svetain\u0117je, pavyzd\u017eiui, J\u016bs\u0173 puslapi\u0173 per\u017ei\u016bros, trukm\u0117s statistika, u\u017eklaus\u0173, komentar\u0173 informacija ir kt.<\/td>\n<td width=\"287\">Mes naudojame statistin\u0119 informacij\u0105 (apsilankymai m\u016bs\u0173 svetain\u0117je, \u012fna\u0161\u0173 diapazonas, apsilankym\u0173 ir vidutin\u0117 vaizdo \u012fra\u0161\u0173 perdavimo trukm\u0117, informacija apie \u0161alis ir miestus, i\u0161 kuri\u0173 atvyksta m\u016bs\u0173 lankytojai, am\u017eiaus intervalas, lytis). Anonimin\u0119 statistik\u0105 gauname i\u0161 \u201eFacebook\u201d per j\u0173 paslaug\u0105. Duomen\u0173 valdytoj\u0173 susitarim\u0105 rasite \u010dia:\u00a0 <a href=\"https:\/\/www.facebook.com\/legal\/terms\/page_controller_addendum\">https:\/\/www.facebook.com\/legal\/terms\/page_controller_addendum<\/a>].<\/td>\n<\/tr>\n<tr>\n<td width=\"136\">\u201eInstagram\u201d<\/p>\n<p>J\u0173 privatumo politik\u0105 galite perskaityti spustel\u0117j\u0119 \u0161i\u0105 nuorod\u0105:\u00a0 <a href=\"https:\/\/help.instagram.com\/519522125107875\/?helpref=uf_share\">https:\/\/help.instagram.com\/519522125107875\/?helpref=uf_share<\/a><\/td>\n<td width=\"223\">J\u016bs\u0173 \u201eInstagram\u201d vartotojo vardas, kai komentuojate, reaguojate \u012f publikacij\u0105, dalijat\u0117s \u012fra\u0161ais, dalijat\u0117s turiniu istorij\u0173 skiltyje, ra\u0161ote mums \u017einutes, J\u016bs\u0173 veikla m\u016bs\u0173 svetain\u0117je, pavyzd\u017eiui, J\u016bs\u0173 puslapi\u0173 per\u017ei\u016bros, trukm\u0117s statistika, u\u017eklaus\u0173, komentar\u0173 informacija ir kt.<\/td>\n<td width=\"287\">Mes naudojame statistin\u0119 informacij\u0105 (apsilankymus m\u016bs\u0173 svetain\u0117je, \u012fna\u0161\u0173 asortiment\u0105, apsilankym\u0173 ir vidutin\u0119 vaizdo \u012fra\u0161\u0173 perdavimo trukm\u0119, informacij\u0105 apie \u0161alis ir miestus, i\u0161 kuri\u0173 atvyksta m\u016bs\u0173 lankytojai, am\u017ei\u0173, lyt\u012f). Gauname anonimin\u0119 statistik\u0105 i\u0161 \u201eInstagram\u201d per j\u0173 paslaug\u0105. Duomen\u0173 valdytoj\u0173 susitarim\u0105 rasite \u010dia:\u00a0 <a href=\"https:\/\/help.instagram.com\/494561080557017\/?helpref=hc_fnav\">https:\/\/help.instagram.com\/494561080557017\/?helpref=hc_fnav<\/a>.<\/td>\n<\/tr>\n<tr>\n<td width=\"136\">LinkedIn<\/p>\n<p>J\u0173 privatumo politik\u0105 galite perskaityti spustel\u0117j\u0119 \u0161i\u0105 nuorod\u0105:\u00a0 <a href=\"https:\/\/www.linkedin.com\/legal\/privacy-policy\">https:\/\/www.linkedin.com\/legal\/privacy-policy<\/a><\/td>\n<td width=\"224\">J\u016bs\u0173 \u201eLinkedIn\u201d vartotojo vardas, kai komentuojate, reaguojate \u012f publikacij\u0105, dalijat\u0117s prane\u0161imais, ra\u0161ote mums \u017einutes, J\u016bs\u0173 vieta, nurodyta asmenin\u0117je paskyroje, J\u016bs\u0173 veikla m\u016bs\u0173 svetain\u0117je, pavyzd\u017eiui, J\u016bs\u0173 puslapi\u0173 per\u017ei\u016bros, trukm\u0117s statistika, u\u017eklaus\u0173, komentar\u0173 informacija ir kt.<\/td>\n<td width=\"283\">Mes naudojame statistin\u0119 informacij\u0105 (apsilankym\u0173 m\u016bs\u0173 svetain\u0117je skai\u010di\u0173, \u012fna\u0161\u0173 diapazon\u0105, apsilankym\u0173 ir vidutin\u0119 vaizdo \u012fra\u0161\u0173 perdavimo trukm\u0119, informacij\u0105 apie \u0161alis ir miestus, i\u0161 kuri\u0173 atvyksta m\u016bs\u0173 lankytojai, am\u017ei\u0173, lyt\u012f). Gauname anonimin\u0119 statistik\u0105 i\u0161 \u201eLinkedIn\u201d per j\u0173 paslaug\u0105. Duomen\u0173 valdytoj\u0173 susitarim\u0105 rasite \u010dia:\u00a0 <a href=\"https:\/\/www.linkedin.com\/legal\/l\/dpa\">https:\/\/www.linkedin.com\/legal\/l\/dpa<\/a>.<\/td>\n<\/tr>\n<\/tbody>\n<\/table>\n<p>&nbsp;<\/p>\n<p><strong>VAIZDO DUOMEN<\/strong><strong>\u0172 TVARKYMAS<\/strong><\/p>\n<p>Jums apsilankius m\u016bs\u0173 patalpose, mes tvarkysime j\u016bs\u0173 atvaizdo vaizdo duomenis pagal s\u0105lygas, nurodytas \u0161iame privatumo prane\u0161ime: [2025.10.06].<\/p>\n<p><strong>\u00a0<\/strong><\/p>\n<p><strong>PASIKEITIMAI<\/strong><\/p>\n<p>Retkar\u010diais galime atnaujinti savo privatumo politik\u0105. Apie bet kokius pakeitimus informuosime paskelbdami nauj\u0105 Privatumo politik\u0105 \u0161iame puslapyje.<\/p>\n<p>Patartina periodi\u0161kai per\u017ei\u016br\u0117ti \u0161i\u0105 Privatumo politik\u0105, kad su\u017einotum\u0117te apie bet kokius pakeitimus. \u0160i Privatumo politika paskutin\u012f kart\u0105 buvo atnaujinta pirmiau nurodyt\u0105 dien\u0105. Jei po bet koki\u0173 \u0161ios Privatumo politikos pakeitim\u0173 ar patikslinim\u0173 toliau naudosit\u0117s Svetaine, tai reik\u0161, kad sutinkate su tokios patikslintos Privatumo politikos s\u0105lygomis.[\/vc_column_text][\/vc_column][\/vc_row]\n","protected":false},"excerpt":{"rendered":"<p>[vc_row type=&#8221;in_container&#8221; full_screen_row_position=&#8221;middle&#8221; column_margin=&#8221;default&#8221; column_direction=&#8221;default&#8221; column_direction_tablet=&#8221;default&#8221; column_direction_phone=&#8221;default&#8221; scene_position=&#8221;center&#8221; text_color=&#8221;dark&#8221; text_align=&#8221;left&#8221; row_border_radius=&#8221;none&#8221; row_border_radius_applies=&#8221;bg&#8221; overflow=&#8221;visible&#8221; class=&#8221;pp-simple-page-content&#8221; overlay_strength=&#8221;0.3&#8243; gradient_direction=&#8221;left_to_right&#8221; shape_divider_position=&#8221;bottom&#8221; bg_image_animation=&#8221;none&#8221; gradient_type=&#8221;default&#8221; shape_type=&#8221;&#8221;][vc_column column_padding=&#8221;no-extra-padding&#8221; column_padding_tablet=&#8221;inherit&#8221; column_padding_phone=&#8221;inherit&#8221; column_padding_position=&#8221;all&#8221; column_element_direction_desktop=&#8221;default&#8221; column_element_spacing=&#8221;default&#8221; desktop_text_alignment=&#8221;default&#8221; tablet_text_alignment=&#8221;default&#8221; phone_text_alignment=&#8221;default&#8221; background_color_opacity=&#8221;1&#8243;&#8230;<\/p>\n","protected":false},"author":5,"featured_media":0,"parent":0,"menu_order":76,"comment_status":"closed","ping_status":"closed","template":"","meta":{"_acf_changed":false,"inline_featured_image":false,"iawp_total_views":118,"footnotes":""},"categories":[],"class_list":["post-1146","page","type-page","status-publish"],"acf":[],"yoast_head":"<!-- This site is optimized with the Yoast SEO plugin v25.9 - https:\/\/yoast.com\/wordpress\/plugins\/seo\/ -->\n<title>Privatumo politika - ATLAS<\/title>\n<meta name=\"description\" content=\"Visit to understand how we collect, use, and safeguard your data, ensuring a secure and transparent browsing experience.\" \/>\n<meta name=\"robots\" content=\"index, follow, max-snippet:-1, max-image-preview:large, max-video-preview:-1\" \/>\n<link rel=\"canonical\" href=\"https:\/\/atlasliving.lt\/lt\/privatumo-politika\/\" \/>\n<meta property=\"og:locale\" content=\"lt_LT\" \/>\n<meta property=\"og:type\" content=\"article\" \/>\n<meta property=\"og:title\" content=\"Privatumo politika - ATLAS\" \/>\n<meta property=\"og:description\" content=\"Visit to understand how we collect, use, and safeguard your data, ensuring a secure and transparent browsing experience.\" \/>\n<meta property=\"og:url\" content=\"https:\/\/atlasliving.lt\/lt\/privatumo-politika\/\" \/>\n<meta property=\"og:site_name\" content=\"ATLAS\" \/>\n<meta property=\"article:modified_time\" content=\"2025-12-22T13:07:38+00:00\" \/>\n<meta name=\"twitter:card\" content=\"summary_large_image\" \/>\n<meta name=\"twitter:label1\" content=\"Est. reading time\" \/>\n\t<meta name=\"twitter:data1\" content=\"11 minu\u010di\u0173\" \/>\n<script type=\"application\/ld+json\" class=\"yoast-schema-graph\">{\"@context\":\"https:\/\/schema.org\",\"@graph\":[{\"@type\":\"WebPage\",\"@id\":\"https:\/\/atlasliving.lt\/lt\/privatumo-politika\/\",\"url\":\"https:\/\/atlasliving.lt\/lt\/privatumo-politika\/\",\"name\":\"Privatumo politika - ATLAS\",\"isPartOf\":{\"@id\":\"https:\/\/atlasliving.lt\/lt\/#website\"},\"datePublished\":\"2023-08-08T13:02:40+00:00\",\"dateModified\":\"2025-12-22T13:07:38+00:00\",\"description\":\"Visit to understand how we collect, use, and safeguard your data, ensuring a secure and transparent browsing experience.\",\"breadcrumb\":{\"@id\":\"https:\/\/atlasliving.lt\/lt\/privatumo-politika\/#breadcrumb\"},\"inLanguage\":\"lt-LT\",\"potentialAction\":[{\"@type\":\"ReadAction\",\"target\":[\"https:\/\/atlasliving.lt\/lt\/privatumo-politika\/\"]}]},{\"@type\":\"BreadcrumbList\",\"@id\":\"https:\/\/atlasliving.lt\/lt\/privatumo-politika\/#breadcrumb\",\"itemListElement\":[{\"@type\":\"ListItem\",\"position\":1,\"name\":\"Home\",\"item\":\"https:\/\/atlasliving.lt\/lt\/\"},{\"@type\":\"ListItem\",\"position\":2,\"name\":\"Privatumo politika\"}]},{\"@type\":\"WebSite\",\"@id\":\"https:\/\/atlasliving.lt\/lt\/#website\",\"url\":\"https:\/\/atlasliving.lt\/lt\/\",\"name\":\"ATLAS\",\"description\":\"Opening this winter\",\"publisher\":{\"@id\":\"https:\/\/atlasliving.lt\/lt\/#organization\"},\"potentialAction\":[{\"@type\":\"SearchAction\",\"target\":{\"@type\":\"EntryPoint\",\"urlTemplate\":\"https:\/\/atlasliving.lt\/lt\/?s={search_term_string}\"},\"query-input\":{\"@type\":\"PropertyValueSpecification\",\"valueRequired\":true,\"valueName\":\"search_term_string\"}}],\"inLanguage\":\"lt-LT\"},{\"@type\":\"Organization\",\"@id\":\"https:\/\/atlasliving.lt\/lt\/#organization\",\"name\":\"ATLAS\",\"url\":\"https:\/\/atlasliving.lt\/lt\/\",\"logo\":{\"@type\":\"ImageObject\",\"inLanguage\":\"lt-LT\",\"@id\":\"https:\/\/atlasliving.lt\/lt\/#\/schema\/logo\/image\/\",\"url\":\"https:\/\/atlasliving.lt\/wp-content\/uploads\/2023\/08\/logo.svg\",\"contentUrl\":\"https:\/\/atlasliving.lt\/wp-content\/uploads\/2023\/08\/logo.svg\",\"width\":278,\"height\":108,\"caption\":\"ATLAS\"},\"image\":{\"@id\":\"https:\/\/atlasliving.lt\/lt\/#\/schema\/logo\/image\/\"}}]}<\/script>\n<!-- \/ Yoast SEO plugin. -->","yoast_head_json":{"title":"Privatumo politika - ATLAS","description":"Visit to understand how we collect, use, and safeguard your data, ensuring a secure and transparent browsing experience.","robots":{"index":"index","follow":"follow","max-snippet":"max-snippet:-1","max-image-preview":"max-image-preview:large","max-video-preview":"max-video-preview:-1"},"canonical":"https:\/\/atlasliving.lt\/lt\/privatumo-politika\/","og_locale":"lt_LT","og_type":"article","og_title":"Privatumo politika - ATLAS","og_description":"Visit to understand how we collect, use, and safeguard your data, ensuring a secure and transparent browsing experience.","og_url":"https:\/\/atlasliving.lt\/lt\/privatumo-politika\/","og_site_name":"ATLAS","article_modified_time":"2025-12-22T13:07:38+00:00","twitter_card":"summary_large_image","twitter_misc":{"Est. reading time":"11 minu\u010di\u0173"},"schema":{"@context":"https:\/\/schema.org","@graph":[{"@type":"WebPage","@id":"https:\/\/atlasliving.lt\/lt\/privatumo-politika\/","url":"https:\/\/atlasliving.lt\/lt\/privatumo-politika\/","name":"Privatumo politika - ATLAS","isPartOf":{"@id":"https:\/\/atlasliving.lt\/lt\/#website"},"datePublished":"2023-08-08T13:02:40+00:00","dateModified":"2025-12-22T13:07:38+00:00","description":"Visit to understand how we collect, use, and safeguard your data, ensuring a secure and transparent browsing experience.","breadcrumb":{"@id":"https:\/\/atlasliving.lt\/lt\/privatumo-politika\/#breadcrumb"},"inLanguage":"lt-LT","potentialAction":[{"@type":"ReadAction","target":["https:\/\/atlasliving.lt\/lt\/privatumo-politika\/"]}]},{"@type":"BreadcrumbList","@id":"https:\/\/atlasliving.lt\/lt\/privatumo-politika\/#breadcrumb","itemListElement":[{"@type":"ListItem","position":1,"name":"Home","item":"https:\/\/atlasliving.lt\/lt\/"},{"@type":"ListItem","position":2,"name":"Privatumo politika"}]},{"@type":"WebSite","@id":"https:\/\/atlasliving.lt\/lt\/#website","url":"https:\/\/atlasliving.lt\/lt\/","name":"ATLAS","description":"Opening this winter","publisher":{"@id":"https:\/\/atlasliving.lt\/lt\/#organization"},"potentialAction":[{"@type":"SearchAction","target":{"@type":"EntryPoint","urlTemplate":"https:\/\/atlasliving.lt\/lt\/?s={search_term_string}"},"query-input":{"@type":"PropertyValueSpecification","valueRequired":true,"valueName":"search_term_string"}}],"inLanguage":"lt-LT"},{"@type":"Organization","@id":"https:\/\/atlasliving.lt\/lt\/#organization","name":"ATLAS","url":"https:\/\/atlasliving.lt\/lt\/","logo":{"@type":"ImageObject","inLanguage":"lt-LT","@id":"https:\/\/atlasliving.lt\/lt\/#\/schema\/logo\/image\/","url":"https:\/\/atlasliving.lt\/wp-content\/uploads\/2023\/08\/logo.svg","contentUrl":"https:\/\/atlasliving.lt\/wp-content\/uploads\/2023\/08\/logo.svg","width":278,"height":108,"caption":"ATLAS"},"image":{"@id":"https:\/\/atlasliving.lt\/lt\/#\/schema\/logo\/image\/"}}]}},"_links":{"self":[{"href":"https:\/\/atlasliving.lt\/lt\/wp-json\/wp\/v2\/pages\/1146","targetHints":{"allow":["GET"]}}],"collection":[{"href":"https:\/\/atlasliving.lt\/lt\/wp-json\/wp\/v2\/pages"}],"about":[{"href":"https:\/\/atlasliving.lt\/lt\/wp-json\/wp\/v2\/types\/page"}],"author":[{"embeddable":true,"href":"https:\/\/atlasliving.lt\/lt\/wp-json\/wp\/v2\/users\/5"}],"replies":[{"embeddable":true,"href":"https:\/\/atlasliving.lt\/lt\/wp-json\/wp\/v2\/comments?post=1146"}],"version-history":[{"count":7,"href":"https:\/\/atlasliving.lt\/lt\/wp-json\/wp\/v2\/pages\/1146\/revisions"}],"predecessor-version":[{"id":13541,"href":"https:\/\/atlasliving.lt\/lt\/wp-json\/wp\/v2\/pages\/1146\/revisions\/13541"}],"wp:attachment":[{"href":"https:\/\/atlasliving.lt\/lt\/wp-json\/wp\/v2\/media?parent=1146"}],"wp:term":[{"taxonomy":"category","embeddable":true,"href":"https:\/\/atlasliving.lt\/lt\/wp-json\/wp\/v2\/categories?post=1146"}],"curies":[{"name":"wp","href":"https:\/\/api.w.org\/{rel}","templated":true}]}}